{"id":1655,"date":"2023-01-24T14:33:24","date_gmt":"2023-01-24T14:33:24","guid":{"rendered":"https:\/\/www.congresespectadorsbcn.org\/equipo\/"},"modified":"2024-10-30T14:22:07","modified_gmt":"2024-10-30T14:22:07","slug":"equipo","status":"publish","type":"page","link":"https:\/\/www.congresespectadorsbcn.org\/es\/equipo\/","title":{"rendered":"Equipo"},"content":{"rendered":"\n<div class=\"wp-block-group alignfull page-header header-basic header_bg_2 is-layout-flow wp-block-group-is-layout-flow\">\n<div class=\"wp-block-group  header-basic-inner is-layout-constrained wp-block-group-is-layout-constrained\"><h1 class=\"wp-block-post-title has-huge-font-size\">Equipo<\/h1><\/div>\n<\/div>\n\n<div class=\"wp-block-group is-layout-constrained wp-block-group-is-layout-constrained\">\n<div data-sticky-container class=\"row\">  \n        <div class=\"sticky\" data-sticky data-top-anchor=\"organitzador:top\" data-btm-anchor=\"comissari:bottom\" data-sticky-on=\"small\" data-margin-top=\"1\">\n\n<div id=\"internal-nav-block_8c7f62f848c8552dd437dd4b08a0cf2a\" class=\"row\">\n  <div class=\"columns\">          \n\n                <nav class=\"internal-nav hide-on-init\" role=\"complementary\"><ul class=\"menu\" data-magellan data-offset=\"60\" data-deep-linking=\"true\"><li><a href=\"#consell\">Consejo Asesor<\/a><\/li><li><a href=\"#organitzador\">Organizador<\/a><\/li><button id=\"internal-nav_close\" class=\"show-for-small-only\"><svg class=\"icon small white\" viewBox=\"0 0 60 60\"><use xlink:href=\"#chevron-down\"><\/use><\/svg><\/button><\/ul><\/nav>                \n            \n        \n  \n\n<\/div>\n<\/div>\n\n  <\/div> <!-- sticky -->\n<\/div> <!-- data-sticky-container --><\/div>\n\n<div id=\"consell\" class=\"wp-block-group block-section is-layout-constrained wp-container-core-group-is-layout-a29f7d37 wp-block-group-is-layout-constrained\">\n<h2 class=\"wp-block-heading has-text-align-center has-x-large-font-size\">Consejo asesor<\/h2>\n\n\n\n<div id=\"people-query-block_a2ce8e4657e46a8f2a73bae796f72edc\" class=\"people-query\">\n    \n\n\n\n     <div class=\"people-query-container\">\n\n    <div class=\"row global-width small-up-2 medium-up-3 large-up-4\">\n\n    <!-- the loop -->\n            \n<div id=\"post-2297\" class=\"element-item people-item-isotope columns   2024-es consejo-asesor invitado es \">\n            <article class=\"people-item\">\n                \n                        <a href=\"https:\/\/www.congresespectadorsbcn.org\/es\/personas\/natalia-alvarez-simo\/\" class=\"disable-click-for-preview\">\n            <img loading=\"lazy\" decoding=\"async\" width=\"275\" height=\"266\" src=\"https:\/\/www.congresespectadorsbcn.org\/wp-content\/uploads\/2023\/11\/alvarez.png\" class=\"attachment-medium size-medium\" alt=\"\" \/>            <\/a>\n                        <a class=\"title\" href=\"https:\/\/www.congresespectadorsbcn.org\/es\/personas\/natalia-alvarez-simo\/\" class=\"disable-click-for-preview\">Natalia \u00c1lvarez Sim\u00f3<\/a>\n            \n                         <div class=\"bio\">\n                Miembro del Consejo Asesor de la II edici\u00f3n del Congreso.\r\n\r\nDirectora Art\u00edstica del <a href=\"https:\/\/www.condeduquemadrid.es\/\" target=\"_blank\" rel=\"noopener\">Centro de Cultura Contempor\u00e1nea Conde Duque<\/a>.            <\/div>\n                                    <span class=\"country\">Espa\u00f1a<\/span>\n   \n\n            <div class=\"social\">\n                                    <a href=\"https:\/\/www.linkedin.com\/in\/natalia-alvarez-sim%C3%B3\/\" class=\"no-external-link\">\n            <svg class=\"icon tiny\" viewBox=\"0 0 60 60\"><use xlink:href=\"#linkedin\"><\/use><\/svg>\n            <\/a>\n                        <\/div>\n\n        \n       <\/article>\n   <\/div>            \n<div id=\"post-1464\" class=\"element-item people-item-isotope columns   2022-es consejo-asesor organizacion es \">\n            <article class=\"people-item\">\n                \n                        <a href=\"https:\/\/www.congresespectadorsbcn.org\/es\/personas\/marta-buchaca\/\" class=\"disable-click-for-preview\">\n            <img loading=\"lazy\" decoding=\"async\" width=\"300\" height=\"300\" src=\"https:\/\/www.congresespectadorsbcn.org\/wp-content\/uploads\/2023\/02\/marta-buchaca-300x300.jpg\" class=\"attachment-medium size-medium\" alt=\"\" srcset=\"https:\/\/www.congresespectadorsbcn.org\/wp-content\/uploads\/2023\/02\/marta-buchaca-300x300.jpg 300w, https:\/\/www.congresespectadorsbcn.org\/wp-content\/uploads\/2023\/02\/marta-buchaca-150x150.jpg 150w, https:\/\/www.congresespectadorsbcn.org\/wp-content\/uploads\/2023\/02\/marta-buchaca.jpg 430w\" sizes=\"auto, (max-width: 300px) 100vw, 300px\" \/>            <\/a>\n                        <a class=\"title\" href=\"https:\/\/www.congresespectadorsbcn.org\/es\/personas\/marta-buchaca\/\" class=\"disable-click-for-preview\">Marta Buchaca<\/a>\n            \n                         <div class=\"bio\">\n                Miembro del Consejo Asesor de la I edici\u00f3n del Congreso.\r\nDramaturga, guionista y directora teatral.            <\/div>\n                                    <span class=\"country\">Espa\u00f1a<\/span>\n   \n\n            <div class=\"social\">\n                                    <\/div>\n\n        \n       <\/article>\n   <\/div>            \n<div id=\"post-2298\" class=\"element-item people-item-isotope columns   2024-es consejo-asesor invitado gb \">\n            <article class=\"people-item\">\n                \n                        <a href=\"https:\/\/www.congresespectadorsbcn.org\/es\/personas\/kate-carter\/\" class=\"disable-click-for-preview\">\n            <img loading=\"lazy\" decoding=\"async\" width=\"268\" height=\"267\" src=\"https:\/\/www.congresespectadorsbcn.org\/wp-content\/uploads\/2023\/11\/carter.png\" class=\"attachment-medium size-medium\" alt=\"\" srcset=\"https:\/\/www.congresespectadorsbcn.org\/wp-content\/uploads\/2023\/11\/carter.png 268w, https:\/\/www.congresespectadorsbcn.org\/wp-content\/uploads\/2023\/11\/carter-150x150.png 150w\" sizes=\"auto, (max-width: 268px) 100vw, 268px\" \/>            <\/a>\n                        <a class=\"title\" href=\"https:\/\/www.congresespectadorsbcn.org\/es\/personas\/kate-carter\/\" class=\"disable-click-for-preview\">Kate Carter<\/a>\n            \n                         <div class=\"bio\">\n                Miembro del Consejo Asesor de la II edici\u00f3n del Congreso.\r\n\r\nDirectora de P\u00fablicos en el <a href=\"https:\/\/www.eif.co.uk\/\" target=\"_blank\" rel=\"noopener\">Edinburgh International Festival<\/a>.\r\n            <\/div>\n                                    <span class=\"country\">Reino Unido<\/span>\n   \n\n            <div class=\"social\">\n                                    <a href=\"https:\/\/www.linkedin.com\/in\/kate-carter-17a71742\/\" class=\"no-external-link\">\n            <svg class=\"icon tiny\" viewBox=\"0 0 60 60\"><use xlink:href=\"#linkedin\"><\/use><\/svg>\n            <\/a>\n                        <\/div>\n\n        \n       <\/article>\n   <\/div>            \n<div id=\"post-1466\" class=\"element-item people-item-isotope columns   2022-es consejo-asesor organizacion es \">\n            <article class=\"people-item\">\n                \n                        <a href=\"https:\/\/www.congresespectadorsbcn.org\/es\/personas\/macarena-cuenca\/\" class=\"disable-click-for-preview\">\n            <img loading=\"lazy\" decoding=\"async\" width=\"300\" height=\"300\" src=\"https:\/\/www.congresespectadorsbcn.org\/wp-content\/uploads\/2023\/02\/macarena-cuenca-300x300.jpg\" class=\"attachment-medium size-medium\" alt=\"\" srcset=\"https:\/\/www.congresespectadorsbcn.org\/wp-content\/uploads\/2023\/02\/macarena-cuenca-300x300.jpg 300w, https:\/\/www.congresespectadorsbcn.org\/wp-content\/uploads\/2023\/02\/macarena-cuenca-150x150.jpg 150w, https:\/\/www.congresespectadorsbcn.org\/wp-content\/uploads\/2023\/02\/macarena-cuenca.jpg 600w\" sizes=\"auto, (max-width: 300px) 100vw, 300px\" \/>            <\/a>\n                        <a class=\"title\" href=\"https:\/\/www.congresespectadorsbcn.org\/es\/personas\/macarena-cuenca\/\" class=\"disable-click-for-preview\">Macarena Cuenca<\/a>\n            \n                         <div class=\"bio\">\n                Miembro del Consejo Asesor de la I edici\u00f3n del Congreso.\r\nProfesora de la <a href=\"https:\/\/www.deusto.es\/\" target=\"_blank\" rel=\"noopener\">Universidad de Deusto<\/a> especializada en desarrollo de audiencias culturales.            <\/div>\n                                    <span class=\"country\">Espa\u00f1a<\/span>\n   \n\n            <div class=\"social\">\n                                    <a href=\"https:\/\/www.linkedin.com\/in\/macarena-cuenca-a637a720\" class=\"no-external-link\">\n            <svg class=\"icon tiny\" viewBox=\"0 0 60 60\"><use xlink:href=\"#linkedin\"><\/use><\/svg>\n            <\/a>\n                        <\/div>\n\n        \n       <\/article>\n   <\/div>            \n<div id=\"post-2299\" class=\"element-item people-item-isotope columns   2024-es consejo-asesor invitado canada-es \">\n            <article class=\"people-item\">\n                \n                        <a href=\"https:\/\/www.congresespectadorsbcn.org\/es\/personas\/gilles-dore\/\" class=\"disable-click-for-preview\">\n            <img loading=\"lazy\" decoding=\"async\" width=\"268\" height=\"266\" src=\"https:\/\/www.congresespectadorsbcn.org\/wp-content\/uploads\/2023\/11\/gilles.png\" class=\"attachment-medium size-medium\" alt=\"\" srcset=\"https:\/\/www.congresespectadorsbcn.org\/wp-content\/uploads\/2023\/11\/gilles.png 268w, https:\/\/www.congresespectadorsbcn.org\/wp-content\/uploads\/2023\/11\/gilles-150x150.png 150w\" sizes=\"auto, (max-width: 268px) 100vw, 268px\" \/>            <\/a>\n                        <a class=\"title\" href=\"https:\/\/www.congresespectadorsbcn.org\/es\/personas\/gilles-dore\/\" class=\"disable-click-for-preview\">Gilles Dor\u00e9<\/a>\n            \n                         <div class=\"bio\">\n                Miembro del Consejo Asesor de la II edici\u00f3n del Congreso.\r\n\r\nDirector General del <a href=\"https:\/\/cinars.org\/en\/cinars\" target=\"_blank\" rel=\"noopener\">CINARS International Conference of Performing Arts<\/a>.            <\/div>\n                                    <span class=\"country\">Canad\u00e1<\/span>\n   \n\n            <div class=\"social\">\n                                    <a href=\"https:\/\/www.linkedin.com\/in\/gilles-dor%C3%A9-1021b149\/\" class=\"no-external-link\">\n            <svg class=\"icon tiny\" viewBox=\"0 0 60 60\"><use xlink:href=\"#linkedin\"><\/use><\/svg>\n            <\/a>\n                        <\/div>\n\n        \n       <\/article>\n   <\/div>            \n<div id=\"post-1468\" class=\"element-item people-item-isotope columns   2022-es consejo-asesor organizacion es \">\n            <article class=\"people-item\">\n                \n                        <a href=\"https:\/\/www.congresespectadorsbcn.org\/es\/personas\/xavier-fina\/\" class=\"disable-click-for-preview\">\n            <img loading=\"lazy\" decoding=\"async\" width=\"300\" height=\"300\" src=\"https:\/\/www.congresespectadorsbcn.org\/wp-content\/uploads\/2023\/02\/xavier-fina-300x300.jpg\" class=\"attachment-medium size-medium\" alt=\"\" srcset=\"https:\/\/www.congresespectadorsbcn.org\/wp-content\/uploads\/2023\/02\/xavier-fina-300x300.jpg 300w, https:\/\/www.congresespectadorsbcn.org\/wp-content\/uploads\/2023\/02\/xavier-fina-150x150.jpg 150w, https:\/\/www.congresespectadorsbcn.org\/wp-content\/uploads\/2023\/02\/xavier-fina.jpg 400w\" sizes=\"auto, (max-width: 300px) 100vw, 300px\" \/>            <\/a>\n                        <a class=\"title\" href=\"https:\/\/www.congresespectadorsbcn.org\/es\/personas\/xavier-fina\/\" class=\"disable-click-for-preview\">Xavier Fina<\/a>\n            \n                         <div class=\"bio\">\n                Miembro del Consejo Asesor de la I edici\u00f3n del Congreso.\r\nConsultor cultural.            <\/div>\n                                    <span class=\"country\">Espa\u00f1a<\/span>\n   \n\n            <div class=\"social\">\n                                    <\/div>\n\n        \n       <\/article>\n   <\/div>            \n<div id=\"post-1470\" class=\"element-item people-item-isotope columns   2022-es consejo-asesor organizacion es \">\n            <article class=\"people-item\">\n                \n                        <a href=\"https:\/\/www.congresespectadorsbcn.org\/es\/personas\/eva-garcia\/\" class=\"disable-click-for-preview\">\n            <img loading=\"lazy\" decoding=\"async\" width=\"300\" height=\"300\" src=\"https:\/\/www.congresespectadorsbcn.org\/wp-content\/uploads\/2023\/02\/Eva-Garcia-300x300.jpg\" class=\"attachment-medium size-medium\" alt=\"\" srcset=\"https:\/\/www.congresespectadorsbcn.org\/wp-content\/uploads\/2023\/02\/Eva-Garcia.jpg 300w, https:\/\/www.congresespectadorsbcn.org\/wp-content\/uploads\/2023\/02\/Eva-Garcia-150x150.jpg 150w\" sizes=\"auto, (max-width: 300px) 100vw, 300px\" \/>            <\/a>\n                        <a class=\"title\" href=\"https:\/\/www.congresespectadorsbcn.org\/es\/personas\/eva-garcia\/\" class=\"disable-click-for-preview\">Eva Garc\u00eda<\/a>\n            \n                         <div class=\"bio\">\n                Miembro del Consejo Asesor de la I edici\u00f3n del Congreso.\r\nExperta en acci\u00f3n art\u00edstica comunitaria.            <\/div>\n                                    <span class=\"country\">Espa\u00f1a<\/span>\n   \n\n            <div class=\"social\">\n                                    <a href=\"https:\/\/www.linkedin.com\/in\/eva-garc%C3%ADa-63963031\" class=\"no-external-link\">\n            <svg class=\"icon tiny\" viewBox=\"0 0 60 60\"><use xlink:href=\"#linkedin\"><\/use><\/svg>\n            <\/a>\n                        <\/div>\n\n        \n       <\/article>\n   <\/div>            \n<div id=\"post-2617\" class=\"element-item people-item-isotope columns   2024-es consejo-asesor fr \">\n            <article class=\"people-item\">\n                \n                        <a href=\"https:\/\/www.congresespectadorsbcn.org\/es\/personas\/lucie-hass\/\" class=\"disable-click-for-preview\">\n            <img loading=\"lazy\" decoding=\"async\" width=\"300\" height=\"300\" src=\"https:\/\/www.congresespectadorsbcn.org\/wp-content\/uploads\/2024\/09\/lucie_hass_foto_1-300x300.jpg\" class=\"attachment-medium size-medium\" alt=\"\" srcset=\"https:\/\/www.congresespectadorsbcn.org\/wp-content\/uploads\/2024\/09\/lucie_hass_foto_1-300x300.jpg 300w, https:\/\/www.congresespectadorsbcn.org\/wp-content\/uploads\/2024\/09\/lucie_hass_foto_1-150x150.jpg 150w, https:\/\/www.congresespectadorsbcn.org\/wp-content\/uploads\/2024\/09\/lucie_hass_foto_1.jpg 571w\" sizes=\"auto, (max-width: 300px) 100vw, 300px\" \/>            <\/a>\n                        <a class=\"title\" href=\"https:\/\/www.congresespectadorsbcn.org\/es\/personas\/lucie-hass\/\" class=\"disable-click-for-preview\">Lucie Hass<\/a>\n            \n                         <div class=\"bio\">\n                Miembro del Consejo Asesor de la II edici\u00f3n del Congreso.\r\n\r\nDirectora de relaci\u00f3n con los espectadores del <a href=\"https:\/\/festival-avignon.com\/\" target=\"_blank\" rel=\"noopener\">Festival d&#8217;Avignon<\/a>.\r\n            <\/div>\n                                    <span class=\"country\">Francia<\/span>\n   \n\n            <div class=\"social\">\n                                    <a href=\"https:\/\/www.linkedin.com\/in\/lucie-hass-2ab930120\" class=\"no-external-link\">\n            <svg class=\"icon tiny\" viewBox=\"0 0 60 60\"><use xlink:href=\"#linkedin\"><\/use><\/svg>\n            <\/a>\n                        <\/div>\n\n        \n       <\/article>\n   <\/div>            \n<div id=\"post-1472\" class=\"element-item people-item-isotope columns   2022-es consejo-asesor organizacion cl \">\n            <article class=\"people-item\">\n                \n                        <a href=\"https:\/\/www.congresespectadorsbcn.org\/es\/personas\/javier-ibacache\/\" class=\"disable-click-for-preview\">\n            <img loading=\"lazy\" decoding=\"async\" width=\"300\" height=\"300\" src=\"https:\/\/www.congresespectadorsbcn.org\/wp-content\/uploads\/2023\/02\/Javier-Ibacache-300x300.jpg\" class=\"attachment-medium size-medium\" alt=\"\" srcset=\"https:\/\/www.congresespectadorsbcn.org\/wp-content\/uploads\/2023\/02\/Javier-Ibacache.jpg 300w, https:\/\/www.congresespectadorsbcn.org\/wp-content\/uploads\/2023\/02\/Javier-Ibacache-150x150.jpg 150w\" sizes=\"auto, (max-width: 300px) 100vw, 300px\" \/>            <\/a>\n                        <a class=\"title\" href=\"https:\/\/www.congresespectadorsbcn.org\/es\/personas\/javier-ibacache\/\" class=\"disable-click-for-preview\">Javier Ibacache<\/a>\n            \n                         <div class=\"bio\">\n                Miembro del Consejo Asesor de la I edici\u00f3n del Congreso.\r\nExperto en p\u00fablicos de la cultura. Ex-Jefe de la <a href=\"https:\/\/publicosyterritorios.cultura.gob.cl\/\" target=\"_blank\" rel=\"noopener\">Unidad de P\u00fablicos y Territorios<\/a> del Ministerio de las Culturas de Chile            <\/div>\n                                    <span class=\"country\">Chile<\/span>\n   \n\n            <div class=\"social\">\n                                    <a href=\"https:\/\/www.linkedin.com\/in\/javieribacache\" class=\"no-external-link\">\n            <svg class=\"icon tiny\" viewBox=\"0 0 60 60\"><use xlink:href=\"#linkedin\"><\/use><\/svg>\n            <\/a>\n                        <\/div>\n\n        \n       <\/article>\n   <\/div>            \n<div id=\"post-2289\" class=\"element-item people-item-isotope columns   2024-es consejo-asesor invitado ar \">\n            <article class=\"people-item\">\n                \n                        <a href=\"https:\/\/www.congresespectadorsbcn.org\/es\/personas\/federico-irazabal\/\" class=\"disable-click-for-preview\">\n            <img loading=\"lazy\" decoding=\"async\" width=\"261\" height=\"253\" src=\"https:\/\/www.congresespectadorsbcn.org\/wp-content\/uploads\/2023\/11\/fede.png\" class=\"attachment-medium size-medium\" alt=\"\" \/>            <\/a>\n                        <a class=\"title\" href=\"https:\/\/www.congresespectadorsbcn.org\/es\/personas\/federico-irazabal\/\" class=\"disable-click-for-preview\">Federico Iraz\u00e1bal<\/a>\n            \n                         <div class=\"bio\">\n                Miembro del Consejo Asesor de la II edici\u00f3n del Congreso.\r\n\r\nDirector Art\u00edstico del <a href=\"http:\/\/buenosaires.gob.ar\/fiba\" target=\"_blank\" rel=\"noopener\">FIBA &#8211; Festival Internacional de Buenos Aires\r\n<\/a>.            <\/div>\n                                    <span class=\"country\">Argentina<\/span>\n   \n\n            <div class=\"social\">\n                                    <\/div>\n\n        \n       <\/article>\n   <\/div>            \n<div id=\"post-1476\" class=\"element-item people-item-isotope columns   2022-es consejo-asesor organizacion es \">\n            <article class=\"people-item\">\n                \n                        <a href=\"https:\/\/www.congresespectadorsbcn.org\/es\/personas\/esteve-leon\/\" class=\"disable-click-for-preview\">\n            <img loading=\"lazy\" decoding=\"async\" width=\"300\" height=\"300\" src=\"https:\/\/www.congresespectadorsbcn.org\/wp-content\/uploads\/2023\/02\/Esteve-Leon-300x300.jpg\" class=\"attachment-medium size-medium\" alt=\"\" srcset=\"https:\/\/www.congresespectadorsbcn.org\/wp-content\/uploads\/2023\/02\/Esteve-Leon.jpg 300w, https:\/\/www.congresespectadorsbcn.org\/wp-content\/uploads\/2023\/02\/Esteve-Leon-150x150.jpg 150w\" sizes=\"auto, (max-width: 300px) 100vw, 300px\" \/>            <\/a>\n                        <a class=\"title\" href=\"https:\/\/www.congresespectadorsbcn.org\/es\/personas\/esteve-leon\/\" class=\"disable-click-for-preview\">Esteve Le\u00f3n<\/a>\n            \n                         <div class=\"bio\">\n                Miembro del Consejo Asesor de la I edici\u00f3n del Congreso.\r\nPatr\u00f3n de la Fundaci\u00f3n <a href=\"https:\/\/www.teatrelliure.com\/\" target=\"_blank\" rel=\"noopener\">Teatro Libre<\/a>.            <\/div>\n                                    <span class=\"country\">Espa\u00f1a<\/span>\n   \n\n            <div class=\"social\">\n                                    <\/div>\n\n        \n       <\/article>\n   <\/div>            \n<div id=\"post-2625\" class=\"element-item people-item-isotope columns   2024-es consejo-asesor cl \">\n            <article class=\"people-item\">\n                \n                        <a href=\"https:\/\/www.congresespectadorsbcn.org\/es\/personas\/pamela-lopez\/\" class=\"disable-click-for-preview\">\n            <img loading=\"lazy\" decoding=\"async\" width=\"300\" height=\"300\" src=\"https:\/\/www.congresespectadorsbcn.org\/wp-content\/uploads\/2024\/09\/pamela-lopez-alta-2-300x300.jpg\" class=\"attachment-medium size-medium\" alt=\"\" srcset=\"https:\/\/www.congresespectadorsbcn.org\/wp-content\/uploads\/2024\/09\/pamela-lopez-alta-2-300x300.jpg 300w, https:\/\/www.congresespectadorsbcn.org\/wp-content\/uploads\/2024\/09\/pamela-lopez-alta-2-1124x1124.jpg 1124w, https:\/\/www.congresespectadorsbcn.org\/wp-content\/uploads\/2024\/09\/pamela-lopez-alta-2-150x150.jpg 150w, https:\/\/www.congresespectadorsbcn.org\/wp-content\/uploads\/2024\/09\/pamela-lopez-alta-2-800x800.jpg 800w, https:\/\/www.congresespectadorsbcn.org\/wp-content\/uploads\/2024\/09\/pamela-lopez-alta-2-1536x1536.jpg 1536w, https:\/\/www.congresespectadorsbcn.org\/wp-content\/uploads\/2024\/09\/pamela-lopez-alta-2-1500x1500.jpg 1500w, https:\/\/www.congresespectadorsbcn.org\/wp-content\/uploads\/2024\/09\/pamela-lopez-alta-2.jpg 1737w\" sizes=\"auto, (max-width: 300px) 100vw, 300px\" \/>            <\/a>\n                        <a class=\"title\" href=\"https:\/\/www.congresespectadorsbcn.org\/es\/personas\/pamela-lopez\/\" class=\"disable-click-for-preview\">Pamela L\u00f3pez<\/a>\n            \n                         <div class=\"bio\">\n                Miembro del Consejo Asesor de la II edici\u00f3n del Congreso.\r\n\r\nSocia fundadora del proyecto de <a href=\"https:\/\/plazgestion.com\/\" target=\"_blank\" rel=\"noopener\">PLAZ<\/a>.            <\/div>\n                                    <span class=\"country\">Chile<\/span>\n   \n\n            <div class=\"social\">\n                                    <a href=\"https:\/\/www.linkedin.com\/in\/pamelalopezespanol\/\" class=\"no-external-link\">\n            <svg class=\"icon tiny\" viewBox=\"0 0 60 60\"><use xlink:href=\"#linkedin\"><\/use><\/svg>\n            <\/a>\n                        <\/div>\n\n        \n       <\/article>\n   <\/div>            \n<div id=\"post-1253\" class=\"element-item people-item-isotope columns   2022-es 2024-es consejo-asesor espectador-es invitado es  diversidad\">\n            <article class=\"people-item\">\n                \n                        <a href=\"https:\/\/www.congresespectadorsbcn.org\/es\/personas\/judit-martinez-gili\/\" class=\"disable-click-for-preview\">\n            <img loading=\"lazy\" decoding=\"async\" width=\"300\" height=\"300\" src=\"https:\/\/www.congresespectadorsbcn.org\/wp-content\/uploads\/2023\/02\/judit-martinez-gili-300x300.png\" class=\"attachment-medium size-medium\" alt=\"\" srcset=\"https:\/\/www.congresespectadorsbcn.org\/wp-content\/uploads\/2023\/02\/judit-martinez-gili.png 300w, https:\/\/www.congresespectadorsbcn.org\/wp-content\/uploads\/2023\/02\/judit-martinez-gili-150x150.png 150w\" sizes=\"auto, (max-width: 300px) 100vw, 300px\" \/>            <\/a>\n                        <a class=\"title\" href=\"https:\/\/www.congresespectadorsbcn.org\/es\/personas\/judit-martinez-gili\/\" class=\"disable-click-for-preview\">Judit Mart\u00ednez Gili<\/a>\n            \n                         <div class=\"bio\">\n                Miembro del Consejo Asesor de la II edici\u00f3n del Congreso.\r\n\r\nMiembro de <a href=\"https:\/\/novaveu.recomana.cat\/\" target=\"_blank\" rel=\"noopener\">Novaveu<\/a>.            <\/div>\n                                    <span class=\"country\">Espa\u00f1a<\/span>\n   \n\n            <div class=\"social\">\n                                    <a href=\"https:\/\/www.linkedin.com\/in\/judit-mart%C3%ADnez-gili\/\" class=\"no-external-link\">\n            <svg class=\"icon tiny\" viewBox=\"0 0 60 60\"><use xlink:href=\"#linkedin\"><\/use><\/svg>\n            <\/a>\n                        <\/div>\n\n        \n       <\/article>\n   <\/div>            \n<div id=\"post-1478\" class=\"element-item people-item-isotope columns   2022-es consejo-asesor organizacion es \">\n            <article class=\"people-item\">\n                \n                        <a href=\"https:\/\/www.congresespectadorsbcn.org\/es\/personas\/joan-morros\/\" class=\"disable-click-for-preview\">\n            <img loading=\"lazy\" decoding=\"async\" width=\"300\" height=\"300\" src=\"https:\/\/www.congresespectadorsbcn.org\/wp-content\/uploads\/2023\/02\/Joan-Mortos-300x300.jpg\" class=\"attachment-medium size-medium\" alt=\"\" srcset=\"https:\/\/www.congresespectadorsbcn.org\/wp-content\/uploads\/2023\/02\/Joan-Mortos.jpg 300w, https:\/\/www.congresespectadorsbcn.org\/wp-content\/uploads\/2023\/02\/Joan-Mortos-150x150.jpg 150w\" sizes=\"auto, (max-width: 300px) 100vw, 300px\" \/>            <\/a>\n                        <a class=\"title\" href=\"https:\/\/www.congresespectadorsbcn.org\/es\/personas\/joan-morros\/\" class=\"disable-click-for-preview\">Joan Morros<\/a>\n            \n                         <div class=\"bio\">\n                Miembro del Consejo Asesor de la I edici\u00f3n del Congreso.\r\nMiembro de El Galliner y programador del <a href=\"https:\/\/www.kursaal.cat\/\" target=\"_blank\" rel=\"noopener\">Teatro Kursaal<\/a> de Manresa.            <\/div>\n                                    <span class=\"country\">Espa\u00f1a<\/span>\n   \n\n            <div class=\"social\">\n                                    <a href=\"https:\/\/www.linkedin.com\/in\/joan-morros-torn%C3%A9-47762023\/\" class=\"no-external-link\">\n            <svg class=\"icon tiny\" viewBox=\"0 0 60 60\"><use xlink:href=\"#linkedin\"><\/use><\/svg>\n            <\/a>\n                        <\/div>\n\n        \n       <\/article>\n   <\/div>            \n<div id=\"post-2083\" class=\"element-item people-item-isotope columns   2022-es 2024-es consejo-asesor espectador-es tn \">\n            <article class=\"people-item\">\n                \n                        <a href=\"https:\/\/www.congresespectadorsbcn.org\/es\/personas\/moez-mrabet\/\" class=\"disable-click-for-preview\">\n            <img loading=\"lazy\" decoding=\"async\" width=\"300\" height=\"262\" src=\"https:\/\/www.congresespectadorsbcn.org\/wp-content\/uploads\/2023\/08\/moez-mrabet-300x262.png\" class=\"attachment-medium size-medium\" alt=\"\" srcset=\"https:\/\/www.congresespectadorsbcn.org\/wp-content\/uploads\/2023\/08\/moez-mrabet-300x262.png 300w, https:\/\/www.congresespectadorsbcn.org\/wp-content\/uploads\/2023\/08\/moez-mrabet.png 699w\" sizes=\"auto, (max-width: 300px) 100vw, 300px\" \/>            <\/a>\n                        <a class=\"title\" href=\"https:\/\/www.congresespectadorsbcn.org\/es\/personas\/moez-mrabet\/\" class=\"disable-click-for-preview\">Moez Mrabet<\/a>\n            \n                         <div class=\"bio\">\n                Miembro del Consejo Asesor de la II edici\u00f3n del Congreso.\r\nEspectador invitado a la I edici\u00f3n del Congreso.\r\n\r\nMiembro de l organizaci\u00f3n de los <a href=\"https:\/\/jtcarthage.tn\/\" target=\"_blank\" rel=\"noopener\">Journ\u00e9es Th\u00e9\u00e2trales de Carthage<\/a>.            <\/div>\n                                    <span class=\"country\">T\u00fanez<\/span>\n   \n\n            <div class=\"social\">\n                                    <a href=\"https:\/\/www.linkedin.com\/in\/moez-mrabet-7794a437\/\" class=\"no-external-link\">\n            <svg class=\"icon tiny\" viewBox=\"0 0 60 60\"><use xlink:href=\"#linkedin\"><\/use><\/svg>\n            <\/a>\n                        <\/div>\n\n        \n       <\/article>\n   <\/div>            \n<div id=\"post-1256\" class=\"element-item people-item-isotope columns   2022-es 2024-es consejo-asesor espectador-es invitado it  participacion\">\n            <article class=\"people-item\">\n                \n                        <a href=\"https:\/\/www.congresespectadorsbcn.org\/es\/personas\/luca-ricci\/\" class=\"disable-click-for-preview\">\n            <img loading=\"lazy\" decoding=\"async\" width=\"300\" height=\"300\" src=\"https:\/\/www.congresespectadorsbcn.org\/wp-content\/uploads\/2023\/02\/Luca-Ricci-Kilowatt-Festival-Italia-300x300.png\" class=\"attachment-medium size-medium\" alt=\"\" srcset=\"https:\/\/www.congresespectadorsbcn.org\/wp-content\/uploads\/2023\/02\/Luca-Ricci-Kilowatt-Festival-Italia.png 300w, https:\/\/www.congresespectadorsbcn.org\/wp-content\/uploads\/2023\/02\/Luca-Ricci-Kilowatt-Festival-Italia-150x150.png 150w\" sizes=\"auto, (max-width: 300px) 100vw, 300px\" \/>            <\/a>\n                        <a class=\"title\" href=\"https:\/\/www.congresespectadorsbcn.org\/es\/personas\/luca-ricci\/\" class=\"disable-click-for-preview\">Luca Ricci<\/a>\n            \n                         <div class=\"bio\">\n                Miembro del Consejo Asesor de la II edici\u00f3n del Congreso.\r\nEspectador invitado a la I edici\u00f3n del Congreso.\r\n\r\nImpulsor del proyecto europeo <a href=\"https:\/\/www.bespectactive.eu\/\" target=\"_blank\" rel=\"noopener\">Be SpectACTive<\/a> y Director Art\u00edstico del <a href=\"https:\/\/www.kilowattfestival.it\/\" target=\"_blank\" rel=\"noopener\">Festival Kilowatt<\/a>.            <\/div>\n                                    <span class=\"country\">Italia<\/span>\n   \n\n            <div class=\"social\">\n                                    <\/div>\n\n        \n       <\/article>\n   <\/div>            \n<div id=\"post-2635\" class=\"element-item people-item-isotope columns   2024-es consejo-asesor tailandia-es \">\n            <article class=\"people-item\">\n                \n                        <a href=\"https:\/\/www.congresespectadorsbcn.org\/es\/personas\/sasapin-siriwanji\/\" class=\"disable-click-for-preview\">\n            <img loading=\"lazy\" decoding=\"async\" width=\"201\" height=\"201\" src=\"https:\/\/www.congresespectadorsbcn.org\/wp-content\/uploads\/2024\/09\/sasapin.jpg\" class=\"attachment-medium size-medium\" alt=\"\" srcset=\"https:\/\/www.congresespectadorsbcn.org\/wp-content\/uploads\/2024\/09\/sasapin.jpg 201w, https:\/\/www.congresespectadorsbcn.org\/wp-content\/uploads\/2024\/09\/sasapin-150x150.jpg 150w\" sizes=\"auto, (max-width: 201px) 100vw, 201px\" \/>            <\/a>\n                        <a class=\"title\" href=\"https:\/\/www.congresespectadorsbcn.org\/es\/personas\/sasapin-siriwanji\/\" class=\"disable-click-for-preview\">Sasapin Siriwanji<\/a>\n            \n                         <div class=\"bio\">\n                Miembro del Consejo Asesor de la II edici\u00f3n del Congreso.\r\n\r\nDirectora art\u00edstica del proyecto <a href=\"https:\/\/www.bipam.org\/\" target=\"_blank\" rel=\"noopener\">BIPAM &#8211; Bangkok International Performing Arts Meeting<\/a>.            <\/div>\n                                    <span class=\"country\">Tailandia<\/span>\n   \n\n            <div class=\"social\">\n                                    <a href=\"https:\/\/www.linkedin.com\/in\/sasapinsiriwanij\" class=\"no-external-link\">\n            <svg class=\"icon tiny\" viewBox=\"0 0 60 60\"><use xlink:href=\"#linkedin\"><\/use><\/svg>\n            <\/a>\n                        <\/div>\n\n        \n       <\/article>\n   <\/div>            \n<div id=\"post-1484\" class=\"element-item people-item-isotope columns   2022-es consejo-asesor organizacion es \">\n            <article class=\"people-item\">\n                \n                        <a href=\"https:\/\/www.congresespectadorsbcn.org\/es\/personas\/marta-turu\/\" class=\"disable-click-for-preview\">\n            <img loading=\"lazy\" decoding=\"async\" width=\"300\" height=\"300\" src=\"https:\/\/www.congresespectadorsbcn.org\/wp-content\/uploads\/2023\/02\/Marta-Turu-300x300.jpg\" class=\"attachment-medium size-medium\" alt=\"\" srcset=\"https:\/\/www.congresespectadorsbcn.org\/wp-content\/uploads\/2023\/02\/Marta-Turu.jpg 300w, https:\/\/www.congresespectadorsbcn.org\/wp-content\/uploads\/2023\/02\/Marta-Turu-150x150.jpg 150w\" sizes=\"auto, (max-width: 300px) 100vw, 300px\" \/>            <\/a>\n                        <a class=\"title\" href=\"https:\/\/www.congresespectadorsbcn.org\/es\/personas\/marta-turu\/\" class=\"disable-click-for-preview\">Marta Turu<\/a>\n            \n                         <div class=\"bio\">\n                Miembro del Consejo Asesor de la I edici\u00f3n del Congreso.\r\nEspectadora teatral y socia del TRESC &#8211; Comunidad de Cultura.            <\/div>\n                                    <span class=\"country\">Espa\u00f1a<\/span>\n   \n\n            <div class=\"social\">\n                                    <\/div>\n\n        \n       <\/article>\n   <\/div>        <!-- end of the loop -->\n\n    <\/div>\n\n    \n\n<\/div><\/div>\n<\/div>\n\n<div id=\"organitzador\" class=\"wp-block-group block-section is-layout-constrained wp-container-core-group-is-layout-1532e64c wp-block-group-is-layout-constrained\">\n<h2 class=\"wp-block-heading has-text-align-center has-x-large-font-size\">Organizador<\/h2>\n\n\n\n<div id=\"people-query-block_71b2d4207dab6094def8d804a2e443e5\" class=\"people-query\">\n    \n\n\n\n     <div class=\"people-query-container\">\n\n    <div class=\"row global-width small-up-2 medium-up-3 large-up-2\">\n\n    <!-- the loop -->\n            \n<div id=\"post-1462\" class=\"element-item people-item-isotope columns   2022-es 2024-es organizacion organizador es \">\n            <article class=\"people-item\">\n                \n                        <a href=\"https:\/\/www.congresespectadorsbcn.org\/es\/personas\/afora-focus\/\" class=\"disable-click-for-preview\">\n            <img loading=\"lazy\" decoding=\"async\" width=\"300\" height=\"300\" src=\"https:\/\/www.congresespectadorsbcn.org\/wp-content\/uploads\/2023\/02\/logo-afora-300x300.png\" class=\"attachment-medium size-medium\" alt=\"\" srcset=\"https:\/\/www.congresespectadorsbcn.org\/wp-content\/uploads\/2023\/02\/logo-afora.png 300w, https:\/\/www.congresespectadorsbcn.org\/wp-content\/uploads\/2023\/02\/logo-afora-150x150.png 150w\" sizes=\"auto, (max-width: 300px) 100vw, 300px\" \/>            <\/a>\n                        <a class=\"title\" href=\"https:\/\/www.congresespectadorsbcn.org\/es\/personas\/afora-focus\/\" class=\"disable-click-for-preview\">\u00c0fora Focus<\/a>\n            \n                         <div class=\"bio\">\n                \u00c0fora es el \u00e1gora del <a href=\"https:\/\/www.focus.cat\/\" target=\"_blank\" rel=\"noopener\">Grup Focus<\/a>, un \u00e1mbito de reflexi\u00f3n y actividades que, tomando como base la vivencia esc\u00e9nica, tiene el \u00e1nimo de incidir en la vida art\u00edstica, cultural y social, en el territorio de nuestra influencia.            <\/div>\n                                    <span class=\"country\">Espa\u00f1a<\/span>\n   \n\n            <div class=\"social\">\n                                    <\/div>\n\n        \n       <\/article>\n   <\/div>            \n<div id=\"post-1486\" class=\"element-item people-item-isotope columns   2022-es 2024-es comisario organizacion organizador es \">\n            <article class=\"people-item\">\n                \n                        <a href=\"https:\/\/www.congresespectadorsbcn.org\/es\/personas\/pepe-zapata\/\" class=\"disable-click-for-preview\">\n            <img loading=\"lazy\" decoding=\"async\" width=\"300\" height=\"300\" src=\"https:\/\/www.congresespectadorsbcn.org\/wp-content\/uploads\/2023\/02\/pepe-zapata-300x300.jpg\" class=\"attachment-medium size-medium\" alt=\"\" srcset=\"https:\/\/www.congresespectadorsbcn.org\/wp-content\/uploads\/2023\/02\/pepe-zapata-300x300.jpg 300w, https:\/\/www.congresespectadorsbcn.org\/wp-content\/uploads\/2023\/02\/pepe-zapata-150x150.jpg 150w, https:\/\/www.congresespectadorsbcn.org\/wp-content\/uploads\/2023\/02\/pepe-zapata.jpg 495w\" sizes=\"auto, (max-width: 300px) 100vw, 300px\" \/>            <\/a>\n                        <a class=\"title\" href=\"https:\/\/www.congresespectadorsbcn.org\/es\/personas\/pepe-zapata\/\" class=\"disable-click-for-preview\">Pepe Zapata<\/a>\n            \n                         <div class=\"bio\">\n                Comisario del Congreso.\r\n\r\nExperto en p\u00fablicos de la cultura, Director de Relaciones Corporativas del <a href=\"https:\/\/www.focus.cat\/es\" target=\"_blank\" rel=\"noopener\">Grup Focus<\/a>.            <\/div>\n                                    <span class=\"country\">Espa\u00f1a<\/span>\n   \n\n            <div class=\"social\">\n                                    <a href=\"https:\/\/www.linkedin.com\/in\/pepezapata\" class=\"no-external-link\">\n            <svg class=\"icon tiny\" viewBox=\"0 0 60 60\"><use xlink:href=\"#linkedin\"><\/use><\/svg>\n            <\/a>\n                        <\/div>\n\n        \n       <\/article>\n   <\/div>        <!-- end of the loop -->\n\n    <\/div>\n\n    \n\n<\/div><\/div>\n<\/div>\n","protected":false},"excerpt":{"rendered":"<p>Consejo asesor Organizador<\/p>\n","protected":false},"author":1,"featured_media":0,"parent":0,"menu_order":0,"comment_status":"closed","ping_status":"closed","template":"","meta":{"_acf_changed":false,"_eb_attr":"","footnotes":""},"class_list":["post-1655","page","type-page","status-publish","hentry"],"acf":[],"yoast_head":"<!-- This site is optimized with the Yoast SEO plugin v27.5 - https:\/\/yoast.com\/product\/yoast-seo-wordpress\/ -->\n<title>Equipo - Congreso Internacional de Espectadores de Teatro<\/title>\n<meta name=\"robots\" content=\"index, follow, max-snippet:-1, max-image-preview:large, max-video-preview:-1\" \/>\n<link rel=\"canonical\" href=\"https:\/\/www.congresespectadorsbcn.org\/es\/equipo\/\" \/>\n<meta property=\"og:locale\" content=\"es_ES\" \/>\n<meta property=\"og:type\" content=\"article\" \/>\n<meta property=\"og:title\" content=\"Equipo - Congreso Internacional de Espectadores de Teatro\" \/>\n<meta property=\"og:description\" content=\"Consejo asesor Organizador\" \/>\n<meta property=\"og:url\" content=\"https:\/\/www.congresespectadorsbcn.org\/es\/equipo\/\" \/>\n<meta property=\"og:site_name\" content=\"Congreso Internacional de Espectadores de Teatro\" \/>\n<meta property=\"article:modified_time\" content=\"2024-10-30T14:22:07+00:00\" \/>\n<meta name=\"twitter:card\" content=\"summary_large_image\" \/>\n<meta name=\"twitter:label1\" content=\"Tiempo de lectura\" \/>\n\t<meta name=\"twitter:data1\" content=\"1 minuto\" \/>\n<script type=\"application\/ld+json\" class=\"yoast-schema-graph\">{\"@context\":\"https:\\\/\\\/schema.org\",\"@graph\":[{\"@type\":\"WebPage\",\"@id\":\"https:\\\/\\\/www.congresespectadorsbcn.org\\\/es\\\/equipo\\\/\",\"url\":\"https:\\\/\\\/www.congresespectadorsbcn.org\\\/es\\\/equipo\\\/\",\"name\":\"Equipo - Congreso Internacional de Espectadores de Teatro\",\"isPartOf\":{\"@id\":\"https:\\\/\\\/www.congresespectadorsbcn.org\\\/es\\\/#website\"},\"datePublished\":\"2023-01-24T14:33:24+00:00\",\"dateModified\":\"2024-10-30T14:22:07+00:00\",\"breadcrumb\":{\"@id\":\"https:\\\/\\\/www.congresespectadorsbcn.org\\\/es\\\/equipo\\\/#breadcrumb\"},\"inLanguage\":\"es\",\"potentialAction\":[{\"@type\":\"ReadAction\",\"target\":[\"https:\\\/\\\/www.congresespectadorsbcn.org\\\/es\\\/equipo\\\/\"]}]},{\"@type\":\"BreadcrumbList\",\"@id\":\"https:\\\/\\\/www.congresespectadorsbcn.org\\\/es\\\/equipo\\\/#breadcrumb\",\"itemListElement\":[{\"@type\":\"ListItem\",\"position\":1,\"name\":\"Portada\",\"item\":\"https:\\\/\\\/www.congresespectadorsbcn.org\\\/es\\\/\"},{\"@type\":\"ListItem\",\"position\":2,\"name\":\"Equipo\"}]},{\"@type\":\"WebSite\",\"@id\":\"https:\\\/\\\/www.congresespectadorsbcn.org\\\/es\\\/#website\",\"url\":\"https:\\\/\\\/www.congresespectadorsbcn.org\\\/es\\\/\",\"name\":\"Congreso Internacional de Espectadores de Teatro\",\"description\":\"Este no es un congreso m\u00e1s sobre los p\u00fablicos. Es el \u00fanico encuentro internacional de, por y para los espectadores y las espectadoras de teatro, que son arte y parte. Una oportunidad \u00fanica para conocer de primera mano las necesiidades, los deseos, las inquietudes, las creencias de los espectadores de artes esc\u00e9nicas\",\"potentialAction\":[{\"@type\":\"SearchAction\",\"target\":{\"@type\":\"EntryPoint\",\"urlTemplate\":\"https:\\\/\\\/www.congresespectadorsbcn.org\\\/es\\\/?s={search_term_string}\"},\"query-input\":{\"@type\":\"PropertyValueSpecification\",\"valueRequired\":true,\"valueName\":\"search_term_string\"}}],\"inLanguage\":\"es\"}]}<\/script>\n<!-- \/ Yoast SEO plugin. -->","yoast_head_json":{"title":"Equipo - Congreso Internacional de Espectadores de Teatro","robots":{"index":"index","follow":"follow","max-snippet":"max-snippet:-1","max-image-preview":"max-image-preview:large","max-video-preview":"max-video-preview:-1"},"canonical":"https:\/\/www.congresespectadorsbcn.org\/es\/equipo\/","og_locale":"es_ES","og_type":"article","og_title":"Equipo - Congreso Internacional de Espectadores de Teatro","og_description":"Consejo asesor Organizador","og_url":"https:\/\/www.congresespectadorsbcn.org\/es\/equipo\/","og_site_name":"Congreso Internacional de Espectadores de Teatro","article_modified_time":"2024-10-30T14:22:07+00:00","twitter_card":"summary_large_image","twitter_misc":{"Tiempo de lectura":"1 minuto"},"schema":{"@context":"https:\/\/schema.org","@graph":[{"@type":"WebPage","@id":"https:\/\/www.congresespectadorsbcn.org\/es\/equipo\/","url":"https:\/\/www.congresespectadorsbcn.org\/es\/equipo\/","name":"Equipo - Congreso Internacional de Espectadores de Teatro","isPartOf":{"@id":"https:\/\/www.congresespectadorsbcn.org\/es\/#website"},"datePublished":"2023-01-24T14:33:24+00:00","dateModified":"2024-10-30T14:22:07+00:00","breadcrumb":{"@id":"https:\/\/www.congresespectadorsbcn.org\/es\/equipo\/#breadcrumb"},"inLanguage":"es","potentialAction":[{"@type":"ReadAction","target":["https:\/\/www.congresespectadorsbcn.org\/es\/equipo\/"]}]},{"@type":"BreadcrumbList","@id":"https:\/\/www.congresespectadorsbcn.org\/es\/equipo\/#breadcrumb","itemListElement":[{"@type":"ListItem","position":1,"name":"Portada","item":"https:\/\/www.congresespectadorsbcn.org\/es\/"},{"@type":"ListItem","position":2,"name":"Equipo"}]},{"@type":"WebSite","@id":"https:\/\/www.congresespectadorsbcn.org\/es\/#website","url":"https:\/\/www.congresespectadorsbcn.org\/es\/","name":"Congreso Internacional de Espectadores de Teatro","description":"Este no es un congreso m\u00e1s sobre los p\u00fablicos. Es el \u00fanico encuentro internacional de, por y para los espectadores y las espectadoras de teatro, que son arte y parte. Una oportunidad \u00fanica para conocer de primera mano las necesiidades, los deseos, las inquietudes, las creencias de los espectadores de artes esc\u00e9nicas","potentialAction":[{"@type":"SearchAction","target":{"@type":"EntryPoint","urlTemplate":"https:\/\/www.congresespectadorsbcn.org\/es\/?s={search_term_string}"},"query-input":{"@type":"PropertyValueSpecification","valueRequired":true,"valueName":"search_term_string"}}],"inLanguage":"es"}]}},"_links":{"self":[{"href":"https:\/\/www.congresespectadorsbcn.org\/es\/wp-json\/wp\/v2\/pages\/1655","targetHints":{"allow":["GET"]}}],"collection":[{"href":"https:\/\/www.congresespectadorsbcn.org\/es\/wp-json\/wp\/v2\/pages"}],"about":[{"href":"https:\/\/www.congresespectadorsbcn.org\/es\/wp-json\/wp\/v2\/types\/page"}],"author":[{"embeddable":true,"href":"https:\/\/www.congresespectadorsbcn.org\/es\/wp-json\/wp\/v2\/users\/1"}],"replies":[{"embeddable":true,"href":"https:\/\/www.congresespectadorsbcn.org\/es\/wp-json\/wp\/v2\/comments?post=1655"}],"version-history":[{"count":5,"href":"https:\/\/www.congresespectadorsbcn.org\/es\/wp-json\/wp\/v2\/pages\/1655\/revisions"}],"predecessor-version":[{"id":4060,"href":"https:\/\/www.congresespectadorsbcn.org\/es\/wp-json\/wp\/v2\/pages\/1655\/revisions\/4060"}],"wp:attachment":[{"href":"https:\/\/www.congresespectadorsbcn.org\/es\/wp-json\/wp\/v2\/media?parent=1655"}],"curies":[{"name":"wp","href":"https:\/\/api.w.org\/{rel}","templated":true}]}}